{"id":2671,"date":"2025-04-29T10:07:13","date_gmt":"2025-04-29T10:07:13","guid":{"rendered":"https:\/\/www.marcvernier.fr\/praxisdesign\/blog\/?page_id=2671"},"modified":"2025-09-12T14:01:55","modified_gmt":"2025-09-12T14:01:55","slug":"commandes-publiques-et-un-pour-cent-artistiques","status":"publish","type":"page","link":"https:\/\/www.marcvernier.fr\/praxisdesign\/blog\/commandes-publiques-et-un-pour-cent-artistiques\/","title":{"rendered":"Commandes publiques et 1% artistique"},"content":{"rendered":"\n<h1 class=\"wp-block-heading\">Commandes publiques et 1% artistiques<\/h1>\n\n\n\n<p class=\"has-contrast-color has-text-color has-link-color wp-elements-8ad78d826a03f1c6624b8b139b27e669\" style=\"font-size:clamp(1.039rem, 1.039rem + ((1vw - 0.2rem) * 0.88), 1.6rem);\"><em>March\u00e9s publics \u00e9manant des services de l&rsquo;\u00c9tat, de collectivit\u00e9s territoriales, d&rsquo;universit\u00e9s ou d&rsquo;autres \u00e9tablissements publics, les 1% artistiques s&rsquo;inscrivent \u00e0 chaque fois dans un cahier des charges tr\u00e8s pr\u00e9cis li\u00e9 dans la plupart des cas \u00e0 la construction d&rsquo;un nouveau b\u00e2timent. Une \u00ab\u00a0obligation de d\u00e9coration\u00a0\u00bb historiquement honor\u00e9e par des artistes sculpteurs et plasticiens qui s&rsquo;ouvre de plus en plus \u00e0 d&rsquo;autres pratiques artistiques comme le design ou le dessin par exemple. C&rsquo;est encore plus vrai dans le cadre de commandes publiques dont l&rsquo;initiative peut revenir \u00e0 des dynamiques citoyennes ou associatives, en attente de formes conviviales.<\/em><\/p>\n\n\n\n\n\n\n<h1 class=\"wp-block-heading\">Les bons g\u00e9nies<\/h1>\n\n\n\n<p class=\"has-large-font-size\">Le Conseil d\u00e9partemental de la Loire-Atlantique, la direction et les enseignants de l&rsquo;\u00e9tablissement ont souhait\u00e9 associer pleinement des \u00e9l\u00e8ves du nouveau coll\u00e8ge Anne Frank de Saint-Herblain (44) dans l&rsquo;instruction de son 1% artistique, de sa d\u00e9finition au choix de l&rsquo;offre finale. Une d\u00e9marche originale inscrite dans la continuit\u00e9 d\u2019un programme de concertation sur le design de service du b\u00e2timent auxquels ces m\u00eames \u00e9l\u00e8ves et enseignants ont apport\u00e9 leurs contributions. L\u2019autre \u00e9l\u00e9ment qui a motiv\u00e9 et structur\u00e9 notre proposition a \u00e9t\u00e9 la pr\u00e9sence des <em>Astronautes<\/em> de l&rsquo;artiste vietnamienne Diem Phung Thi, un ensemble monumental de sculptures en pierre r\u00e9alis\u00e9 en 1971 dans le cadre du 1% artistique de l&rsquo;ancien coll\u00e8ge et d\u00e9sormais install\u00e9 dans le nouveau. Ces <em>Astronautes<\/em> ont jou\u00e9 un r\u00f4le d\u00e9terminant dans la constitution de notre \u00e9quipe et de l&rsquo;id\u00e9e de <em>Bons g\u00e9nies<\/em>, pr\u00e9sent\u00e9s comme des entit\u00e9s bienveillantes, gardiennes et protectrices de l&rsquo;esprit des lieux et de leurs usagers, en connexion avec les forces de la Nature. Des ateliers men\u00e9s avec ces \u00e9l\u00e8ves autour de ces th\u00e9matiques ont nourri la r\u00e9flexion des artistes et une vraie complicit\u00e9 s&rsquo;est install\u00e9e entre ces trois \u00ab\u00a0g\u00e9n\u00e9rations\u00a0\u00bb d&rsquo;\u0153uvres alliant sculptures en pierre de <a href=\"https:\/\/palaisdetokyo.com\/personne\/diem-phung-thi\/\" target=\"_blank\" rel=\"noreferrer noopener\">Diem Phung Thi<\/a>, en bois de <a href=\"https:\/\/christophe-doucet.com\/fr\" target=\"_blank\" rel=\"noreferrer noopener\">Christophe Doucet<\/a> et en c\u00e9ramique d&rsquo;<a href=\"https:\/\/annelaureboyer.com\/\" target=\"_blank\" rel=\"noreferrer noopener\">Anne-Laure Boyer<\/a> qui apportent dans ces lieux une dimension ludique et magique \u00e0 la fois. Le r\u00e9sultat est tout simplement superbe et occupe une place de choix au sein de ce b\u00e2timent de <a href=\"https:\/\/www.agencek.net\/\" target=\"_blank\" rel=\"noreferrer noopener\">l&rsquo;Agence K<\/a>, \u00e0 l&rsquo;architecture particuli\u00e8rement apaisante. Un nouveau coll\u00e8ge qui m\u00e9ritait bien un&#8230; 2% artistique.<\/p>\n\n\n\n<p class=\"has-medium-font-size\"><em>1% artistique du coll\u00e8ge Anne Frank de Saint Herblain. Trois sculptures en ch\u00eane de Christophe Doucet, respectivement de deux fois 3 m\u00e8tre et 1,20m de haut, douze pi\u00e8ces en c\u00e9ramique \u00e9maill\u00e9e d&rsquo;Anne-Laure Boyer, dimensions variables. Ma\u00eetrise d&rsquo;ouvrage : Conseil d\u00e9partemental de Loire-Atlantique. Curatorat et ma\u00eetrise d&rsquo;\u0153uvre : Marc Vernier, 2023-2025<\/em><\/p>\n\n\n\n\n\n\n\n<h1 class=\"wp-block-heading\">Le Grand Dessein <\/h1>\n\n\n\n<p>Con\u00e7ue et r\u00e9alis\u00e9e avec les illustratrices jeunesse et autrices de bande dessin\u00e9e <a href=\"https:\/\/www.instagram.com\/eponine_cottey\/\" target=\"_blank\" rel=\"noreferrer noopener\">\u00c9ponine Cottey<\/a>, <a href=\"https:\/\/www.instagram.com\/warion.duclos\/\" target=\"_blank\" rel=\"noreferrer noopener\">Marion Duclos<\/a>, <a href=\"https:\/\/www.instagram.com\/saehan_parc\/\" target=\"_blank\" rel=\"noreferrer noopener\">Saehan Parc<\/a>, <a href=\"https:\/\/www.instagram.com\/annemargotramstein\/\" target=\"_blank\" rel=\"noreferrer noopener\">Anne-Margot Ramstein<\/a> et le curateur <a href=\"https:\/\/www.instagram.com\/les_cahiers_lyophilises\/\" target=\"_blank\" rel=\"noreferrer noopener\">Thomas Bernard<\/a>, cette composition monumentale se d\u00e9voile au gr\u00e9 d\u2019un effet cin\u00e9tique dans le hall d\u2019accueil du public de la nouvelle cit\u00e9 administrative d\u2019\u00c9tat de Lyon. Repr\u00e9sentation joyeuse de la diversit\u00e9 de ses services et publics, ce&nbsp;Grand dessein&nbsp;qui offre mille et une lectures ludiques inspir\u00e9es par les jeux vid\u00e9o de plate-forme a \u00e9t\u00e9 r\u00e9alis\u00e9 \u00e0 partir de dessins cr\u00e9\u00e9s au moyen des techniques traditionnelles : encre, aquarelle, gouache. Dessins originaux dont une s\u00e9lection est pr\u00e9sent\u00e9e sous cadre dans les boxes o\u00f9 est re\u00e7u le public.&nbsp;Plusieurs autres interventions regroup\u00e9es sous le titre Les \u00e9chapp\u00e9es ont par ailleurs \u00e9t\u00e9 d\u00e9ploy\u00e9es dans les espaces communs pratiqu\u00e9s exclusivement par le personnel.<\/p>\n\n\n\n<p class=\"has-medium-font-size\"><em>1% artistique de la nouvelle cit\u00e9 administrative d\u2019\u00c9tat de Lyon. Impression sur stratifi\u00e9 HPL&nbsp;3450 x 14000 mm + 142 lames en aluminium thermolaqu\u00e9 en deux teintes de 50 mm de large pour 3 d\u2019\u00e9paisseur chacune, espac\u00e9es de 100 mm.<br>Ma\u00eetrise d&rsquo;ouvrage : Pr\u00e9fecture de la r\u00e9gion Auvergne-Rh\u00f4ne Alpes. Maitrise d&rsquo;\u0153uvre, co-curatorat et co-cr\u00e9ation :<br>Marc Vernier 2024-2025<\/em><br><\/p>\n\n\n\n\n\n\n\n<h1 class=\"wp-block-heading\">M\u00e9moire en Aspe, une \u0153uvre pour la paix<\/h1>\n\n\n\n<p>Con\u00e7u et r\u00e9alis\u00e9 avec <a href=\"https:\/\/annelaureboyer.com\/\" target=\"_blank\" rel=\"noreferrer noopener\">Anne-Laure Boyer<\/a>, plasticienne et <a href=\"https:\/\/www.instagram.com\/emma.espinasse\/\" target=\"_blank\" rel=\"noreferrer noopener\">Emmanuelle Espinasse<\/a>, autrice de bande dessin\u00e9e, cet ensemble de cinq \u0153uvres monumentales install\u00e9es en ext\u00e9rieur repense la place et la forme d\u2019une m\u00e9moire collective locale marqu\u00e9e par deux conflits mondiaux, que le temps efface. Chaque \u0153uvre fait revivre des histoires v\u00e9cues sur les lieux m\u00eames de leur m\u00e9moire, en leur donnant forme dessin\u00e9e et color\u00e9e les rendant accessibles \u00e0 tous les publics. Elle les met aussi en lien avec des r\u00e9alit\u00e9s toujours d\u2019actualit\u00e9, et propose un parcours en cinq \u00e9tapes du nord au sud de la vall\u00e9e : Sarrance pour les r\u00e9fugi\u00e9s, Aydius pour les mutin\u00e9s, Bedous pour les disparus au front, Eygun pour la main d\u2019\u0153uvre \u00e9trang\u00e8re, et le plateau de Lhers pour les \u00e9vad\u00e9s, passeurs et r\u00e9sistants de la seconde guerre mondiale fuyant l&rsquo;occupation allemande et le r\u00e9gime de Vichy. L&rsquo;ensemble est accompagn\u00e9 d\u2019une signal\u00e9tique d\u2019interpr\u00e9tation et d&rsquo;un <a href=\"http:\/\/memoireenaspe.org\" target=\"_blank\" rel=\"noreferrer noopener\">site internet<\/a>, tous deux disponibles en cinq langues.<\/p>\n\n\n\n<p class=\"has-medium-font-size\"><em>Dessins num\u00e9ris\u00e9s et mis en page imprim\u00e9s recto-verso sur stratifi\u00e9 HPL Structures en acier Corten. Pi\u00e8ce de Bedous : 270 x 900 cm pour la principale. Commande publique initi\u00e9e par l\u201dassociation M\u00e9moire d\u2019Aspe. Ma\u00eetre d\u2019ouvrage : Communaut\u00e9 de Communes Haut-B\u00e9arn .Avec le soutien du Minist\u00e8re de la culture, de la direction r\u00e9gionale des affaires culturelles de Nouvelle-Aquitaine, de la r\u00e9gion Nouvelle-Aquitaine, de la Fondation SNCF, de la Cit\u00e9 internationale de l\u2019image et de la bande dessin\u00e9e, des communes de la vall\u00e9e d\u2019Aspe. Maitrise d&rsquo;\u0153uvre, co-cr\u00e9ation : Marc Vernier 2018-2022<\/em><\/p>\n\n\n\n\n\n\n\n<h1 class=\"wp-block-heading\">La tr\u00e8s grande \u00e9closion<\/h1>\n\n\n\n<p>Cette peinture murale d&rsquo;environ 460 x 1300 cm a \u00e9t\u00e9 inspir\u00e9e par un dessin intitul\u00e9 <em>La grande \u00e9closion<\/em>, d\u2019environ 100 x 100 cm,<br>r\u00e9alis\u00e9 par <a href=\"https:\/\/www.instagram.com\/laetitiabourget\/\">La\u00ebtitia Bourget<\/a> \u00e0 la plume d\u2019oie sur papier<br>en utilisant des pigments qu&rsquo;elle avait au pr\u00e9alable extrait de diff\u00e9rentes plantes cueillies \u00e0 proximit\u00e9 de sa maison. Transposition d\u2019un geste initial \u00e0 une \u00e9chelle<br>monumentale, cette <em>Tr\u00e8s grande \u00e9closion<\/em> a \u00e9t\u00e9 con\u00e7ue<br>et r\u00e9alis\u00e9e avec La\u00ebtitia Bourget \u00e0 qui j&rsquo;ai propos\u00e9 de nouvelles options techniques pour rendre possible ce changement d&rsquo;\u00e9chelle et la transposition des singularit\u00e9s plastiques du geste initial, avec l\u2019appui du plasticien Philippe Poupet pour sa r\u00e9alisation collective. En \u00e9cho aux domaines de recherche de ce centre de recherche en agrobiosciences sp\u00e9cialis\u00e9 sur l&rsquo;etude et la mise au point d&rsquo;essences pouvant faire face au r\u00e9chauffement climatique, l\u2019oeuvre traduit une forme de d\u00e9ploiement du vivant \u00e0 travers une trame revoyant au cellulaire, o\u00f9 la symbiose op\u00e8re tout en pr\u00e9servant la singularit\u00e9 d&rsquo; une multitude de variations \u00e0 partir d\u2019un geste \u00e9l\u00e9mentaire.<\/p>\n\n\n\n<p class=\"has-medium-font-size\"><em>1% artistique du P\u00f4le Agrobiosciences B de l\u2019universit\u00e9 Paul Sabatier de Toulouse. Peinture acrylique, 460&#215;1300 cm<br>Ma\u00eetrise d\u2019oeuvre et direction artistique : Marc Vernier 2024<\/em><\/p>\n\n\n\n\n\n\n\n<h1 class=\"wp-block-heading\">Grand 8 et autres signes du temps<\/h1>\n\n\n\n<p>La ma\u00eetrise d\u2019ouvrage souhaitait une oeuvre qui invite au cheminement et aux pauses dans le parc arbor\u00e9 de Mandavit longeant la petite rivi\u00e8re Eau bourde o\u00f9 se trouve cette m\u00e9diath\u00e8que et le Th\u00e9\u00e2tre des Quatre Saisons, situ\u00e9 \u00e0 proximit\u00e9, avec lequel cr\u00e9er un lien. J\u2019ai donc imagin\u00e9 cette installation comme un coup de d\u00e9s g\u00e9ant \u00e9parpillant en plein air une quarantaine de lettres et signes, autour d&rsquo;un chiffre huit de trois m\u00e8tres de haut. Dessin\u00e9s \u00e0 main lev\u00e9e sur des patrons en carton ils ont \u00e9t\u00e9 r\u00e9alis\u00e9s en coffrages perdus puis coul\u00e9s en b\u00e9ton arm\u00e9 et fibr\u00e9, teint\u00e9 au moyen de pigments naturels. Leur implantation a \u00e9t\u00e9 pr\u00e9c\u00e9d\u00e9e par une premi\u00e8re mise en place de l\u2019int\u00e9gralit\u00e9 mat\u00e9rialis\u00e9 en carton. Un partenariat a \u00e9t\u00e9 conclu avec la centrale b\u00e9ton Cemex situ\u00e9e \u00e0 proximit\u00e9 pour leur fabrication et deux d\u00e9tenus de la maison d\u2019arr\u00eat situ\u00e9e sur la commune tout pr\u00e8s du site ont \u00e9t\u00e9 associ\u00e9s aux fabrications et pose, en collaboration avec le SPIP, Service Probatoire d\u2019Insertion et de Probation.<\/p>\n\n\n\n<p class=\"has-medium-font-size\"><em>1% artistique de la m\u00e9diath\u00e8que Jean Vautrin, Gradignan (33)<br>Conception, r\u00e9alisation, ma\u00eetrise d\u2019oeuvre : Marc Vernier<br>2009<\/em><\/p>\n\n\n\n<hr class=\"wp-block-separator has-alpha-channel-opacity\"\/>\n\n\n\n<p>&gt;&gt; <a href=\"https:\/\/www.marcvernier.fr\/praxisdesign\/blog\/arts-plastiques-visuels\/\">arts visuels<\/a> | <a href=\"https:\/\/www.marcvernier.fr\/praxisdesign\/blog\/design-graphique-communication-visuelle\/\">design graphique<\/a> | <a href=\"https:\/\/www.marcvernier.fr\/praxisdesign\/blog\/actions-culturelles\/\">actions culturelles<\/a><\/p>\n","protected":false},"excerpt":{"rendered":"<p>Commandes publiques et 1% artistiques March\u00e9s publics \u00e9manant des services de l&rsquo;\u00c9tat, de collectivit\u00e9s territoriales, d&rsquo;universit\u00e9s ou d&rsquo;autres \u00e9tablissements publics, les 1% artistiques s&rsquo;inscrivent \u00e0 chaque fois dans un cahier des charges tr\u00e8s pr\u00e9cis li\u00e9 dans la plupart des cas \u00e0 la construction d&rsquo;un nouveau b\u00e2timent. Une \u00ab\u00a0obligation de d\u00e9coration\u00a0\u00bb historiquement honor\u00e9e par des artistes [&hellip;]<\/p>\n","protected":false},"author":2,"featured_media":0,"parent":0,"menu_order":0,"comment_status":"closed","ping_status":"open","template":"","meta":{"_seopress_robots_primary_cat":"","_seopress_titles_title":"","_seopress_titles_desc":"","_seopress_robots_index":"","footnotes":""},"class_list":["post-2671","page","type-page","status-publish","hentry"],"_links":{"self":[{"href":"https:\/\/www.marcvernier.fr\/praxisdesign\/blog\/wp-json\/wp\/v2\/pages\/2671","targetHints":{"allow":["GET"]}}],"collection":[{"href":"https:\/\/www.marcvernier.fr\/praxisdesign\/blog\/wp-json\/wp\/v2\/pages"}],"about":[{"href":"https:\/\/www.marcvernier.fr\/praxisdesign\/blog\/wp-json\/wp\/v2\/types\/page"}],"author":[{"embeddable":true,"href":"https:\/\/www.marcvernier.fr\/praxisdesign\/blog\/wp-json\/wp\/v2\/users\/2"}],"replies":[{"embeddable":true,"href":"https:\/\/www.marcvernier.fr\/praxisdesign\/blog\/wp-json\/wp\/v2\/comments?post=2671"}],"version-history":[{"count":44,"href":"https:\/\/www.marcvernier.fr\/praxisdesign\/blog\/wp-json\/wp\/v2\/pages\/2671\/revisions"}],"predecessor-version":[{"id":3311,"href":"https:\/\/www.marcvernier.fr\/praxisdesign\/blog\/wp-json\/wp\/v2\/pages\/2671\/revisions\/3311"}],"wp:attachment":[{"href":"https:\/\/www.marcvernier.fr\/praxisdesign\/blog\/wp-json\/wp\/v2\/media?parent=2671"}],"curies":[{"name":"wp","href":"https:\/\/api.w.org\/{rel}","templated":true}]}}